{"id":3761,"date":"2022-09-15T12:22:32","date_gmt":"2022-09-15T10:22:32","guid":{"rendered":"https:\/\/caritas-wp.glauco.it\/caritas-dev\/?page_id=3761"},"modified":"2024-06-04T16:14:31","modified_gmt":"2024-06-04T14:14:31","slug":"medio-oriente","status":"publish","type":"page","link":"https:\/\/caritas-wp.glauco.it\/caritas-dev\/cosa-facciamo\/medio-oriente\/","title":{"rendered":"Medio Oriente e Nord Africa"},"content":{"rendered":"<div id=\"pl-3761\"  class=\"panel-layout\" ><div id=\"pg-3761-0\"  class=\"panel-grid panel-has-style\" ><div class=\"row rigabianca gx-5 panel-row-style panel-row-style-for-3761-0\" ><div id=\"pgc-3761-0-0\"  class=\"panel-grid-cell\" ><div id=\"panel-3761-0-0-0\" class=\"so-panel widget widget_sow-editor panel-first-child\" data-index=\"0\" ><div\n\t\t\t\n\t\t\tclass=\"so-widget-sow-editor so-widget-sow-editor-base\"\n\t\t\t\n\t\t>\n<div class=\"siteorigin-widget-tinymce textwidget\">\n\t<p>La regione Medio Oriente-Nord Africa (M.O.N.A) \u00e8 costituita da\u00a0<strong>16 Paesi<\/strong>\u00a0che si estendono dalla Mauritania ad ovest fino all'Iran ad est, includendo Marocco, Algeria, Tunisia, Libia, Egitto, Israele, Libano, Siria, Giordania, Kuwait, Iraq. Secondo la suddivisione di\u00a0<a href=\"http:\/\/www.caritas.org\/\" target=\"_blank\" rel=\"noopener\">Caritas Internationalis<\/a>, fanno parte di questa regione anche la Somalia, Gibuti (il Corno d\u2019Africa) e Cipro. Gli abitanti della regione sono 320 milioni, suddivisi in numerosi gruppi etnici, ma accomunati da una quasi totale appartenenza all'Islam, escluso Israele e le minoranze cristiane in Libano, Egitto, Siria, Giordania, Iraq e Iran.<\/p>\n<p>Questa Regione, crocevia di tre continenti \u2013 Africa, Asia, Europa \u2013 \u00e8 una delle aree pi\u00f9 complesse del pianeta:<\/p>\n<ul>\n<li>\u00e8 l'area dove si snodano molteplici flussi migratori internazionali;<\/li>\n<li>detiene i due terzi delle riserve di idrocarburi, indispensabili al funzionamento dell'economia mondiale;<\/li>\n<li>la sua posizione geografica di cerniera tra est e ovest e la sua ricchezza petrolifera la rendono vulnerabile per la volont\u00e0 delle grandi potenze di controllare le sue risorse;<\/li>\n<li>molti tra questi Paesi vivono situazioni di crisi socio-politica e in molti casi conflitti armati che ostacolano il processo di pace e riconciliazione in tutta la regione. Oltre al conflitto israelo-palestinese, che dura da pi\u00f9 di 70 anni, nell'area vi sono situazioni di perdurante conflitto armato o di instabilit\u00e0 e attentati terroristici ricorrenti in Siria, Yemen Libia, Somalia e Iraq. Ci\u00f2 implica crisi umanitarie protratte da anni con milioni di sfollati interni e profughi, sparsi nelle regione e principalmente in Giordania e Libano. Tali Paesi vivono ormai da anni una situazione di emergenza e di crescente tensione provocata da un numero di rifugiati di oltre il 30% della popolazione;<\/li>\n<li>\u00e8 un'area climaticamente arida, dove, soprattutto nel Corno d\u2019Africa a causa anche della vulnerabilit\u00e0 delle popolazioni dovuta all\u2019instabilit\u00e0 politica e ai conflitti, vi sono siccit\u00e0 ricorrenti e strutturali, a volte seguite da alluvioni, che affamano la popolazione e la spingono a migrazioni forzate interne.<\/li>\n<\/ul>\n<p>Le\u00a0<strong>linee direttrici<\/strong>\u00a0di Caritas Italiana cercano di rispondere alle diverse caratteristiche delle tre regioni dell'area: il Medio Oriente, il Nord Africa e il Corno d'Africa e si concretizzano in cinque filoni principali: la risposta alle\u00a0<strong>emergenze<\/strong>\u00a0dovute alle crisi socio-politiche e\/o a catastrofi naturali, la\u00a0<strong>mobilit\u00e0<\/strong>\u00a0umana con interventi in favore di profughi e migranti, programmi di promozione alla pace con i giovani e di sviluppo socio-educativo\u00a0ed economico con particolare attenzione ad alcune fasce particolarmente\u00a0<strong>vulnerabili<\/strong>\u00a0(minori svantaggiati, detenuti, disabili, \u2026), l'appoggio a processi di\u00a0<strong>rafforzamento<\/strong>\u00a0organizzativo e istituzionale di Caritas locali.<\/p>\n<\/div>\n<\/div><\/div><div id=\"panel-3761-0-0-1\" class=\"so-panel widget widget_sow-accordion panel-last-child\" data-index=\"1\" ><div\n\t\t\t\n\t\t\tclass=\"so-widget-sow-accordion so-widget-sow-accordion-default-8d2ff622a159-3761\"\n\t\t\t\n\t\t><div>\n\t<div class=\"sow-accordion\">\n\t\t\t<div class=\"sow-accordion-panel\"\n\t\t\t data-anchor=\"leggi-di-pi%c3%b9\">\n\t\t\t\t<div class=\"sow-accordion-panel-header-container\" role=\"heading\" aria-level=\"2\">\n\t\t\t\t\t<div class=\"sow-accordion-panel-header\" tabindex=\"0\" role=\"button\" id=\"accordion-label-leggi-di-pi%c3%b9\" aria-controls=\"accordion-content-leggi-di-pi%c3%b9\" aria-expanded=\"false\">\n\t\t\t\t\t\t<div class=\"sow-accordion-title sow-accordion-title-icon-left\">\n\t\t\t\t\t\t\t\t\t\t\t\t\t\tleggi di pi\u00f9\t\t\t\t\t\t\t\t\t\t\t\t\t<\/div>\n\t\t\t\t\t\t<div class=\"sow-accordion-open-close-button\">\n\t\t\t\t\t\t\t<div class=\"sow-accordion-open-button\">\n\t\t\t\t\t\t\t\t<span class=\"sow-icon-ionicons\" data-sow-icon=\"&#xf218;\"\n\t\t \n\t\taria-hidden=\"true\"><\/span>\t\t\t\t\t\t\t<\/div>\n\t\t\t\t\t\t\t<div class=\"sow-accordion-close-button\">\n\t\t\t\t\t\t\t\t<span class=\"sow-icon-ionicons\" data-sow-icon=\"&#xf209;\"\n\t\t \n\t\taria-hidden=\"true\"><\/span>\t\t\t\t\t\t\t<\/div>\n\t\t\t\t\t\t<\/div>\n\t\t\t\t\t<\/div>\n\t\t\t\t<\/div>\n\n\t\t\t<div\n\t\t\t\tclass=\"sow-accordion-panel-content\"\n\t\t\t\trole=\"region\"\n\t\t\t\taria-labelledby=\"accordion-label-leggi-di-pi%c3%b9\"\n\t\t\t\tid=\"accordion-content-leggi-di-pi%c3%b9\"\n\t\t\t\tstyle=\"display: none;\"\t\t\t>\n\t\t\t\t<div class=\"sow-accordion-panel-border\" tabindex=\"0\">\n\t\t\t\t\t<p><strong>::<\/strong>\u00a0<a href=\"https:\/\/www.caritas.it\/pls\/caritasitaliana\/V3_S2EW_CONSULTAZIONE.mostra_pagina?id_pagina=9793&amp;rifi=guest&amp;rifp=guest\" target=\"_blank\" rel=\"noopener\">Dossier Gibuti: \"Vite di strada. Minori invisibili: da migranti a mendicanti\"<\/a>\u00a0(febbraio 2022)<br \/>\n<strong>\u200b::<\/strong>\u00a0<a href=\"https:\/\/www.caritas.it\/pls\/caritasitaliana\/V3_S2EW_CONSULTAZIONE.mostra_pagina?id_pagina=9533&amp;rifi=guest&amp;rifp=guest\" target=\"_blank\" rel=\"noopener\">Dossier Terra Santa: \"Una vita da rifugiati. Il conflitto israelo-palestinese e la tragedia di un popolo esule\"<\/a>\u00a0(giugno 2021)<br \/>\n<strong>\u200b::<\/strong>\u00a0<a href=\"https:\/\/www.caritas.it\/pls\/caritasitaliana\/V3_S2EW_CONSULTAZIONE.mostra_pagina?id_pagina=9373&amp;rifi=guest&amp;rifp=guest\" target=\"_blank\" rel=\"noopener\">Dossier Siria: \"La speranza del ritorno. Dieci anni di guerra, fra violenze, distruzione e vite sospese\"<\/a>\u00a0(marzo 2021)<br \/>\n<strong>\u200b::<\/strong>\u00a0<a href=\"https:\/\/www.caritas.it\/pls\/caritasitaliana\/V3_S2EW_CONSULTAZIONE.mostra_pagina?id_pagina=9116&amp;rifi=guest&amp;rifp=guest\" target=\"_blank\" rel=\"noopener\">Dossier Somalia: \"Nazione a frammenti. Crisi perenne di un popolo senza Pace\"<\/a>\u00a0(ottobre 2020)<br \/>\n<strong>\u200b::<\/strong>\u00a0<a href=\"https:\/\/www.caritas.it\/pls\/caritasitaliana\/V3_S2EW_CONSULTAZIONE.mostra_pagina?id_pagina=8906&amp;rifi=guest&amp;rifp=guest\" target=\"_blank\" rel=\"noopener\">Dossier Iraq: \"Sfollati. Uomini, donne e bambini profughi nel proprio Paese\"<\/a>\u00a0(giugno 2020)<br \/>\n<strong>\u200b::<\/strong>\u00a0<a href=\"https:\/\/www.caritas.it\/pls\/caritasitaliana\/V3_S2EW_CONSULTAZIONE.mostra_pagina?id_pagina=8666&amp;rifi=guest&amp;rifp=guest\" target=\"_blank\" rel=\"noopener\">Dossier Siria: \"Donne che resistono. Non solo vittime della guerra, ma parti attive del Paese che verr\u00e0\"<\/a>\u00a0(marzo 2020)<br \/>\n<strong>\u200b::<\/strong>\u00a0<a href=\"https:\/\/www.caritas.it\/pls\/caritasitaliana\/V3_S2EW_CONSULTAZIONE.mostra_pagina?id_pagina=8284&amp;rifi=guest&amp;rifp=guest\" target=\"_blank\" rel=\"noopener\">Dossier Libano: \"Trattati da schiavi. Rifugiati e migranti vittime del traffico di esseri umani\"<\/a>\u00a0(giugno 2019)<br \/>\n<strong>\u200b::\u00a0<\/strong><a href=\"https:\/\/www.caritas.it\/pls\/caritasitaliana\/V3_S2EW_CONSULTAZIONE.mostra_pagina?id_pagina=8139&amp;rifi=guest&amp;rifp=guest\" target=\"_blank\" rel=\"noopener\">Dossier Siria: \"Beati i costruttori di Pace. Il coraggio del dialogo per una riconciliazione che parta dalle vittime\"<\/a>\u00a0(marzo 2019)<br \/>\n<strong>\u200b::\u00a0<\/strong><a href=\"https:\/\/www.caritas.it\/home_page\/area_stampa\/00007753_Tratta_e_sfruttamento_minorile__Dossier_Caritas_sui_nuovi_schiavi.html\" target=\"_blank\" rel=\"noopener\">Dossier Marocco: \"Partire era l'unica scelta. Minori non accompagnati fra tratta e sfruttamento\"<\/a>\u00a0(luglio 2018)<br \/>\n<strong>::\u00a0<\/strong><a href=\"https:\/\/www.caritas.it\/home_page\/area_stampa\/00007705_Rifugiati__Dossier_Caritas_sulla_sfida_dell_accoglienza.html\" target=\"_blank\" rel=\"noopener\">Dossier Giordania: \"Rifugiati: la sfida dell'accoglienza. Nel Paese dove manca pane e acqua\"<\/a>\u00a0(giugno 2018)<\/p>\n\t\t\t\t<\/div>\n\t\t\t<\/div>\n\t\t<\/div>\n\t\t<\/div>\n<\/div>\n<\/div><\/div><\/div><div id=\"pgc-3761-0-1\"  class=\"panel-grid-cell\" ><div id=\"panel-3761-0-1-0\" class=\"so-panel widget widget_bso-so-widget-all-in-one panel-first-child\" data-index=\"2\" ><div\n\t\t\t\n\t\t\tclass=\"so-widget-bso-so-widget-all-in-one so-widget-bso-so-widget-all-in-one-default-d75171398898-3761\"\n\t\t\t\n\t\t><div>                             \n                                                       <div class=\"boxlink-dona\">\n<a href=\"https:\/\/donazioni.caritas.it\/causale\/Europa \/ Emergenza Ucraina\"><i class=\"fa-solid fa-hand-holding-heart\"><\/i> Sostieni questo intervento<\/a>\n<\/div>\n\n                                                       \n                                                       \n                                                       \n                                                       \n                                                       \n                                                       \n                                                       \n                                                       \n                                                       \n                                                       \n                                                       \n                           <\/div><\/div><\/div><div id=\"panel-3761-0-1-1\" class=\"so-panel widget widget_sow-editor\" data-index=\"3\" ><div class=\"box-area mb-4 panel-widget-style panel-widget-style-for-3761-0-1-1\" ><div\n\t\t\t\n\t\t\tclass=\"so-widget-sow-editor so-widget-sow-editor-base\"\n\t\t\t\n\t\t>\n<div class=\"siteorigin-widget-tinymce textwidget\">\n\t<p>Ufficio Medio Oriente e Nord Africa (Area Internazionale),\u00a0<a href=\"mailto:mona@caritas.it\">mona@caritas.it<\/a><\/p>\n<\/div>\n<\/div><\/div><\/div><div id=\"panel-3761-0-1-2\" class=\"so-panel widget widget_bso-so-widget-all-in-one panel-last-child\" data-index=\"4\" ><div\n\t\t\t\n\t\t\tclass=\"so-widget-bso-so-widget-all-in-one so-widget-bso-so-widget-all-in-one-default-d75171398898-131812\"\n\t\t\t\n\t\t><div>                             <div>\n <h2>Terremoto in Siria e Turchia. Il dossier<\/h2>\n<\/div>\n                                                       <div>\n <h2>Con RAI, UNICEF e Croce Rossa per Marocco e Libia<\/h2>\n<\/div>\n                                                       <div>\n <h2>Terremoto: vicini e solidali con sorelle e fratelli in Marocco<\/h2>\n<\/div>\n                                                       <div>\n <h2>Terremoto in Siria e Turchia. Restare presenti<\/h2>\n<\/div>\n                                                       <div>\n <h2>Caritas Italiana in Giordania<\/h2>\n<\/div>\n                           <\/div><\/div><\/div><\/div><\/div><\/div><div id=\"pg-3761-1\"  class=\"panel-grid panel-has-style\" ><div class=\"rigagrigia panel-row-style panel-row-style-for-3761-1\" ><div id=\"pgc-3761-1-0\"  class=\"panel-grid-cell\" ><div id=\"panel-3761-1-0-0\" class=\"so-panel widget widget_bso-so-widget-all-in-one panel-first-child\" data-index=\"5\" ><div\n\t\t\t\n\t\t\tclass=\"so-widget-bso-so-widget-all-in-one so-widget-bso-so-widget-all-in-one-default-d75171398898-131798\"\n\t\t\t\n\t\t><div class=\"text-start\">\n<form action=\"https:\/\/www.caritas.it\" method=\"get\"  class=\"iandu-saf-form\">\n<fieldset>\n<label>Cerca per Paese <\/label>\n<select  name=\"selectcountry\" class=\"iandu-saf-taxonomy-field\" onchange=\"window.location.href=this.value;\">\n<option value=\"https:\/\/www.caritas.it\/cosa-facciamo\/medio-oriente-e-nord-africa\/\" selected>Seleziona una voce<\/option>                             <option value=\"https:\/\/caritas-wp.glauco.it\/caritas-dev\/iran\/\">Iran<\/option>\n\n                                                       <option value=\"https:\/\/caritas-wp.glauco.it\/caritas-dev\/libia\/\">Libia<\/option>\n\n                                                       <option value=\"https:\/\/caritas-wp.glauco.it\/caritas-dev\/mauritania\/\">Mauritania<\/option>\n\n                                                       <option value=\"https:\/\/caritas-wp.glauco.it\/caritas-dev\/tunisia\/\">Tunisia<\/option>\n\n                                                       <option value=\"https:\/\/caritas-wp.glauco.it\/caritas-dev\/somalia\/\">Somalia<\/option>\n\n                                                       <option value=\"https:\/\/caritas-wp.glauco.it\/caritas-dev\/yemen\/\">Yemen<\/option>\n\n                                                       <option value=\"https:\/\/caritas-wp.glauco.it\/caritas-dev\/gibuti\/\">Gibuti<\/option>\n\n                                                       <option value=\"https:\/\/caritas-wp.glauco.it\/caritas-dev\/giordania\/\">Giordania<\/option>\n\n                                                       <option value=\"https:\/\/caritas-wp.glauco.it\/caritas-dev\/iraq\/\">Iraq<\/option>\n\n                                                       <option value=\"https:\/\/caritas-wp.glauco.it\/caritas-dev\/libano\/\">Libano<\/option>\n\n                                                       <option value=\"https:\/\/caritas-wp.glauco.it\/caritas-dev\/marocco\/\">Marocco<\/option>\n\n                                                       <option value=\"https:\/\/caritas-wp.glauco.it\/caritas-dev\/siria\/\">Siria<\/option>\n\n                                                       <option value=\"https:\/\/caritas-wp.glauco.it\/caritas-dev\/terra-santa\/\">Terra Santa<\/option>\n\n                           <\/select><\/fieldset><\/form>\n<div><form class='iandu-saf-form' action='https:\/\/www.caritas.it\/category\/cosa-facciamo\/medio-oriente-e-nord-africa\/' method='GET'><fieldset class='iandu-saf-fieldset-search'><label>Cerca per parola<\/label><input class='iandu-saf-search-field' type='text' name='iandu_search' value=''><\/fieldset><fieldset class='iandu-saf-fieldset-submit'><input class='iandu-saf-form-submit' type='submit' value='cerca'><\/form><\/fieldset><\/div>\n<\/div><\/div><\/div><div id=\"panel-3761-1-0-1\" class=\"so-panel widget widget_bso-so-widget-all-in-one panel-last-child\" data-index=\"6\" ><div class=\"schedeagg panel-widget-style panel-widget-style-for-3761-1-0-1\" ><div\n\t\t\t\n\t\t\tclass=\"so-widget-bso-so-widget-all-in-one so-widget-bso-so-widget-all-in-one-default-d75171398898-131806\"\n\t\t\t\n\t\t><label>Ultime schede aggiornate<\/label>\n<div class=\"row g-5 py-2\">                             <div class=\"col-12 col-md-4\">\n <div class=\"box\"><a href=\"https:\/\/caritas-wp.glauco.it\/caritas-dev\/iran\/\"><img decoding=\"async\" src=\"https:\/\/caritas-wp.glauco.it\/caritas-dev\/wp-content\/uploads\/sites\/7\/2024\/06\/Iran-scaled-1-500x342.jpg\" \/><h2>Iran<\/h2><\/a><\/div>\n<\/div>\n                                                       <div class=\"col-12 col-md-4\">\n <div class=\"box\"><a href=\"https:\/\/caritas-wp.glauco.it\/caritas-dev\/libia\/\"><img decoding=\"async\" src=\"https:\/\/caritas-wp.glauco.it\/caritas-dev\/wp-content\/uploads\/sites\/7\/2024\/06\/5558182170_c7ae42e086_k-500x333.jpg\" \/><h2>Libia<\/h2><\/a><\/div>\n<\/div>\n                                                       <div class=\"col-12 col-md-4\">\n <div class=\"box\"><a href=\"https:\/\/caritas-wp.glauco.it\/caritas-dev\/mauritania\/\"><img decoding=\"async\" src=\"\" \/><h2>Mauritania<\/h2><\/a><\/div>\n<\/div>\n                                                       <div class=\"col-12 col-md-4\">\n <div class=\"box\"><a href=\"https:\/\/caritas-wp.glauco.it\/caritas-dev\/tunisia\/\"><img decoding=\"async\" src=\"\" \/><h2>Tunisia<\/h2><\/a><\/div>\n<\/div>\n                                                       <div class=\"col-12 col-md-4\">\n <div class=\"box\"><a href=\"https:\/\/caritas-wp.glauco.it\/caritas-dev\/somalia\/\"><img decoding=\"async\" src=\"https:\/\/caritas-wp.glauco.it\/caritas-dev\/wp-content\/uploads\/sites\/7\/2024\/06\/33764832061_1a3ea2f8f9_k-1-500x333.jpg\" \/><h2>Somalia<\/h2><\/a><\/div>\n<\/div>\n                                                       <div class=\"col-12 col-md-4\">\n <div class=\"box\"><a href=\"https:\/\/caritas-wp.glauco.it\/caritas-dev\/yemen\/\"><img decoding=\"async\" src=\"\" \/><h2>Yemen<\/h2><\/a><\/div>\n<\/div>\n                                                       <div class=\"col-12 col-md-4\">\n <div class=\"box\"><a href=\"https:\/\/caritas-wp.glauco.it\/caritas-dev\/gibuti\/\"><img decoding=\"async\" src=\"https:\/\/caritas-wp.glauco.it\/caritas-dev\/wp-content\/uploads\/sites\/7\/2024\/06\/46980644671_75b94906c9_o-scaled-1-500x375.jpg\" \/><h2>Gibuti<\/h2><\/a><\/div>\n<\/div>\n                                                       <div class=\"col-12 col-md-4\">\n <div class=\"box\"><a href=\"https:\/\/caritas-wp.glauco.it\/caritas-dev\/giordania\/\"><img decoding=\"async\" src=\"https:\/\/caritas-wp.glauco.it\/caritas-dev\/wp-content\/uploads\/sites\/7\/2024\/06\/Caritas_Jordan_3-500x333.jpg\" \/><h2>Giordania<\/h2><\/a><\/div>\n<\/div>\n                                                       <div class=\"col-12 col-md-4\">\n <div class=\"box\"><a href=\"https:\/\/caritas-wp.glauco.it\/caritas-dev\/iraq\/\"><img decoding=\"async\" src=\"https:\/\/caritas-wp.glauco.it\/caritas-dev\/wp-content\/uploads\/sites\/7\/2024\/06\/14810371807_c742d7583f_o-scaled-1-500x333.jpg\" \/><h2>Iraq<\/h2><\/a><\/div>\n<\/div>\n                                                       <div class=\"col-12 col-md-4\">\n <div class=\"box\"><a href=\"https:\/\/caritas-wp.glauco.it\/caritas-dev\/libano\/\"><img decoding=\"async\" src=\"\" \/><h2>Libano<\/h2><\/a><\/div>\n<\/div>\n                                                       <div class=\"col-12 col-md-4\">\n <div class=\"box\"><a href=\"https:\/\/caritas-wp.glauco.it\/caritas-dev\/marocco\/\"><img decoding=\"async\" src=\"https:\/\/caritas-wp.glauco.it\/caritas-dev\/wp-content\/uploads\/sites\/7\/2024\/06\/53247997094_580621589d_k-500x281.jpg\" \/><h2>Marocco<\/h2><\/a><\/div>\n<\/div>\n                                                       <div class=\"col-12 col-md-4\">\n <div class=\"box\"><a href=\"https:\/\/caritas-wp.glauco.it\/caritas-dev\/siria\/\"><img decoding=\"async\" src=\"https:\/\/caritas-wp.glauco.it\/caritas-dev\/wp-content\/uploads\/sites\/7\/2024\/06\/30783069338_eebe8987ff_o-scaled-1-500x281.jpg\" \/><h2>Siria<\/h2><\/a><\/div>\n<\/div>\n                           <\/div><\/div><\/div><\/div><\/div><\/div><\/div><\/div>","protected":false},"excerpt":{"rendered":"<p>La regione Medio Oriente-Nord Africa (M.O.N.A) \u00e8 costituita da\u00a016 Paesi\u00a0che si estendono dalla Mauritania ad ovest fino all&#8217;Iran ad est, includendo Marocco, Algeria, Tunisia, Libia, Egitto, Israele, Libano, Siria, Giordania, Kuwait, Iraq. Secondo la suddivisione di\u00a0Caritas Internationalis, fanno parte di questa regione anche la Somalia, Gibuti (il Corno d\u2019Africa) e Cipro. Gli abitanti della regione [&hellip;]<\/p>\n","protected":false},"author":3,"featured_media":0,"parent":1842,"menu_order":0,"comment_status":"closed","ping_status":"closed","template":"","meta":{"_lmt_disableupdate":"no","_lmt_disable":"","footnotes":""},"acf":[],"yoast_head":"<!-- This site is optimized with the Yoast SEO plugin v21.4 - https:\/\/yoast.com\/wordpress\/plugins\/seo\/ -->\n<title>Medio Oriente e Nord Africa - Caritas DEV<\/title>\n<meta name=\"robots\" content=\"index, follow, max-snippet:-1, max-image-preview:large, max-video-preview:-1\" \/>\n<link rel=\"canonical\" href=\"https:\/\/caritas-wp.glauco.it\/caritas-dev\/cosa-facciamo\/medio-oriente\/\" \/>\n<meta property=\"og:locale\" content=\"it_IT\" \/>\n<meta property=\"og:type\" content=\"article\" \/>\n<meta property=\"og:title\" content=\"Medio Oriente e Nord Africa - Caritas DEV\" \/>\n<meta property=\"og:description\" content=\"La regione Medio Oriente-Nord Africa (M.O.N.A) \u00e8 costituita da\u00a016 Paesi\u00a0che si estendono dalla Mauritania ad ovest fino all&#8217;Iran ad est, includendo Marocco, Algeria, Tunisia, Libia, Egitto, Israele, Libano, Siria, Giordania, Kuwait, Iraq. Secondo la suddivisione di\u00a0Caritas Internationalis, fanno parte di questa regione anche la Somalia, Gibuti (il Corno d\u2019Africa) e Cipro. Gli abitanti della regione [&hellip;]\" \/>\n<meta property=\"og:url\" content=\"https:\/\/caritas-wp.glauco.it\/caritas-dev\/cosa-facciamo\/medio-oriente\/\" \/>\n<meta property=\"og:site_name\" content=\"Caritas DEV\" \/>\n<meta property=\"article:modified_time\" content=\"2024-06-04T14:14:31+00:00\" \/>\n<meta name=\"twitter:card\" content=\"summary_large_image\" \/>\n<meta name=\"twitter:label1\" content=\"Tempo di lettura stimato\" \/>\n\t<meta name=\"twitter:data1\" content=\"4 minuti\" \/>\n<script type=\"application\/ld+json\" class=\"yoast-schema-graph\">{\"@context\":\"https:\/\/schema.org\",\"@graph\":[{\"@type\":\"WebPage\",\"@id\":\"https:\/\/caritas-wp.glauco.it\/caritas-dev\/cosa-facciamo\/medio-oriente\/\",\"url\":\"https:\/\/caritas-wp.glauco.it\/caritas-dev\/cosa-facciamo\/medio-oriente\/\",\"name\":\"Medio Oriente e Nord Africa - Caritas DEV\",\"isPartOf\":{\"@id\":\"https:\/\/caritas-wp.glauco.it\/caritas-dev\/#website\"},\"datePublished\":\"2022-09-15T10:22:32+00:00\",\"dateModified\":\"2024-06-04T14:14:31+00:00\",\"breadcrumb\":{\"@id\":\"https:\/\/caritas-wp.glauco.it\/caritas-dev\/cosa-facciamo\/medio-oriente\/#breadcrumb\"},\"inLanguage\":\"it-IT\",\"potentialAction\":[{\"@type\":\"ReadAction\",\"target\":[\"https:\/\/caritas-wp.glauco.it\/caritas-dev\/cosa-facciamo\/medio-oriente\/\"]}]},{\"@type\":\"BreadcrumbList\",\"@id\":\"https:\/\/caritas-wp.glauco.it\/caritas-dev\/cosa-facciamo\/medio-oriente\/#breadcrumb\",\"itemListElement\":[{\"@type\":\"ListItem\",\"position\":1,\"name\":\"Home\",\"item\":\"https:\/\/caritas-wp.glauco.it\/caritas-dev\/\"},{\"@type\":\"ListItem\",\"position\":2,\"name\":\"Cosa facciamo\",\"item\":\"https:\/\/caritas-wp.glauco.it\/caritas-dev\/cosa-facciamo\/\"},{\"@type\":\"ListItem\",\"position\":3,\"name\":\"Medio Oriente e Nord Africa\"}]},{\"@type\":\"WebSite\",\"@id\":\"https:\/\/caritas-wp.glauco.it\/caritas-dev\/#website\",\"url\":\"https:\/\/caritas-wp.glauco.it\/caritas-dev\/\",\"name\":\"Caritas DEV\",\"description\":\"Organismo Pastorale della CEI\",\"publisher\":{\"@id\":\"https:\/\/caritas-wp.glauco.it\/caritas-dev\/#organization\"},\"potentialAction\":[{\"@type\":\"SearchAction\",\"target\":{\"@type\":\"EntryPoint\",\"urlTemplate\":\"https:\/\/caritas-wp.glauco.it\/caritas-dev\/?s={search_term_string}\"},\"query-input\":\"required name=search_term_string\"}],\"inLanguage\":\"it-IT\"},{\"@type\":\"Organization\",\"@id\":\"https:\/\/caritas-wp.glauco.it\/caritas-dev\/#organization\",\"name\":\"Caritas Italiana\",\"url\":\"https:\/\/caritas-wp.glauco.it\/caritas-dev\/\",\"logo\":{\"@type\":\"ImageObject\",\"inLanguage\":\"it-IT\",\"@id\":\"https:\/\/caritas-wp.glauco.it\/caritas-dev\/#\/schema\/logo\/image\/\",\"url\":\"https:\/\/caritas-wp.glauco.it\/caritas-dev\/wp-content\/uploads\/sites\/7\/2022\/07\/logo_caritas-1.png\",\"contentUrl\":\"https:\/\/caritas-wp.glauco.it\/caritas-dev\/wp-content\/uploads\/sites\/7\/2022\/07\/logo_caritas-1.png\",\"width\":187,\"height\":80,\"caption\":\"Caritas Italiana\"},\"image\":{\"@id\":\"https:\/\/caritas-wp.glauco.it\/caritas-dev\/#\/schema\/logo\/image\/\"}}]}<\/script>\n<!-- \/ Yoast SEO plugin. -->","yoast_head_json":{"title":"Medio Oriente e Nord Africa - Caritas DEV","robots":{"index":"index","follow":"follow","max-snippet":"max-snippet:-1","max-image-preview":"max-image-preview:large","max-video-preview":"max-video-preview:-1"},"canonical":"https:\/\/caritas-wp.glauco.it\/caritas-dev\/cosa-facciamo\/medio-oriente\/","og_locale":"it_IT","og_type":"article","og_title":"Medio Oriente e Nord Africa - Caritas DEV","og_description":"La regione Medio Oriente-Nord Africa (M.O.N.A) \u00e8 costituita da\u00a016 Paesi\u00a0che si estendono dalla Mauritania ad ovest fino all&#8217;Iran ad est, includendo Marocco, Algeria, Tunisia, Libia, Egitto, Israele, Libano, Siria, Giordania, Kuwait, Iraq. Secondo la suddivisione di\u00a0Caritas Internationalis, fanno parte di questa regione anche la Somalia, Gibuti (il Corno d\u2019Africa) e Cipro. Gli abitanti della regione [&hellip;]","og_url":"https:\/\/caritas-wp.glauco.it\/caritas-dev\/cosa-facciamo\/medio-oriente\/","og_site_name":"Caritas DEV","article_modified_time":"2024-06-04T14:14:31+00:00","twitter_card":"summary_large_image","twitter_misc":{"Tempo di lettura stimato":"4 minuti"},"schema":{"@context":"https:\/\/schema.org","@graph":[{"@type":"WebPage","@id":"https:\/\/caritas-wp.glauco.it\/caritas-dev\/cosa-facciamo\/medio-oriente\/","url":"https:\/\/caritas-wp.glauco.it\/caritas-dev\/cosa-facciamo\/medio-oriente\/","name":"Medio Oriente e Nord Africa - Caritas DEV","isPartOf":{"@id":"https:\/\/caritas-wp.glauco.it\/caritas-dev\/#website"},"datePublished":"2022-09-15T10:22:32+00:00","dateModified":"2024-06-04T14:14:31+00:00","breadcrumb":{"@id":"https:\/\/caritas-wp.glauco.it\/caritas-dev\/cosa-facciamo\/medio-oriente\/#breadcrumb"},"inLanguage":"it-IT","potentialAction":[{"@type":"ReadAction","target":["https:\/\/caritas-wp.glauco.it\/caritas-dev\/cosa-facciamo\/medio-oriente\/"]}]},{"@type":"BreadcrumbList","@id":"https:\/\/caritas-wp.glauco.it\/caritas-dev\/cosa-facciamo\/medio-oriente\/#breadcrumb","itemListElement":[{"@type":"ListItem","position":1,"name":"Home","item":"https:\/\/caritas-wp.glauco.it\/caritas-dev\/"},{"@type":"ListItem","position":2,"name":"Cosa facciamo","item":"https:\/\/caritas-wp.glauco.it\/caritas-dev\/cosa-facciamo\/"},{"@type":"ListItem","position":3,"name":"Medio Oriente e Nord Africa"}]},{"@type":"WebSite","@id":"https:\/\/caritas-wp.glauco.it\/caritas-dev\/#website","url":"https:\/\/caritas-wp.glauco.it\/caritas-dev\/","name":"Caritas DEV","description":"Organismo Pastorale della CEI","publisher":{"@id":"https:\/\/caritas-wp.glauco.it\/caritas-dev\/#organization"},"potentialAction":[{"@type":"SearchAction","target":{"@type":"EntryPoint","urlTemplate":"https:\/\/caritas-wp.glauco.it\/caritas-dev\/?s={search_term_string}"},"query-input":"required name=search_term_string"}],"inLanguage":"it-IT"},{"@type":"Organization","@id":"https:\/\/caritas-wp.glauco.it\/caritas-dev\/#organization","name":"Caritas Italiana","url":"https:\/\/caritas-wp.glauco.it\/caritas-dev\/","logo":{"@type":"ImageObject","inLanguage":"it-IT","@id":"https:\/\/caritas-wp.glauco.it\/caritas-dev\/#\/schema\/logo\/image\/","url":"https:\/\/caritas-wp.glauco.it\/caritas-dev\/wp-content\/uploads\/sites\/7\/2022\/07\/logo_caritas-1.png","contentUrl":"https:\/\/caritas-wp.glauco.it\/caritas-dev\/wp-content\/uploads\/sites\/7\/2022\/07\/logo_caritas-1.png","width":187,"height":80,"caption":"Caritas Italiana"},"image":{"@id":"https:\/\/caritas-wp.glauco.it\/caritas-dev\/#\/schema\/logo\/image\/"}}]}},"_links":{"self":[{"href":"https:\/\/caritas-wp.glauco.it\/caritas-dev\/wp-json\/wp\/v2\/pages\/3761"}],"collection":[{"href":"https:\/\/caritas-wp.glauco.it\/caritas-dev\/wp-json\/wp\/v2\/pages"}],"about":[{"href":"https:\/\/caritas-wp.glauco.it\/caritas-dev\/wp-json\/wp\/v2\/types\/page"}],"author":[{"embeddable":true,"href":"https:\/\/caritas-wp.glauco.it\/caritas-dev\/wp-json\/wp\/v2\/users\/3"}],"replies":[{"embeddable":true,"href":"https:\/\/caritas-wp.glauco.it\/caritas-dev\/wp-json\/wp\/v2\/comments?post=3761"}],"version-history":[{"count":30,"href":"https:\/\/caritas-wp.glauco.it\/caritas-dev\/wp-json\/wp\/v2\/pages\/3761\/revisions"}],"predecessor-version":[{"id":131833,"href":"https:\/\/caritas-wp.glauco.it\/caritas-dev\/wp-json\/wp\/v2\/pages\/3761\/revisions\/131833"}],"up":[{"embeddable":true,"href":"https:\/\/caritas-wp.glauco.it\/caritas-dev\/wp-json\/wp\/v2\/pages\/1842"}],"wp:attachment":[{"href":"https:\/\/caritas-wp.glauco.it\/caritas-dev\/wp-json\/wp\/v2\/media?parent=3761"}],"curies":[{"name":"wp","href":"https:\/\/api.w.org\/{rel}","templated":true}]}}